{"id":14,"date":"2018-09-19T14:44:10","date_gmt":"2018-09-19T14:44:10","guid":{"rendered":"http:\/\/szeghalom.hu\/top-3-1-1-15-bs1-2016-00008\/?page_id=14"},"modified":"2018-09-19T14:46:57","modified_gmt":"2018-09-19T14:46:57","slug":"sajtokozlemenyek","status":"publish","type":"page","link":"https:\/\/szeghalom.hu\/top-3-1-1-15-bs1-2016-00008\/sajtokozlemenyek\/","title":{"rendered":"Sajt\u00f3k\u00f6zlem\u00e9nyek"},"content":{"rendered":"<p><strong><img loading=\"lazy\" class=\"alignright size-full wp-image-17\" src=\"http:\/\/szeghalom.hu\/top-3-1-1-15-bs1-2016-00008\/wp-content\/uploads\/2018\/09\/sajtokozlemeny.jpg\" alt=\"\" width=\"256\" height=\"177\" \/>\u00a0<\/strong><\/p>\n<p><strong>EUR\u00d3PAI MOBILIT\u00c1SI H\u00c9T \u00c9S AUT\u00d3MENTES NAP SZEGHALMON <\/strong><\/p>\n<p><strong>\u00a0<\/strong><strong>Szeghalom is csatlakozik az Eur\u00f3pai Mobilit\u00e1si H\u00e9t rendezv\u00e9nyeihez, kicsiket \u00e9s nagyokat sz\u00ednes programok v\u00e1rnak az elk\u00f6vetkez\u0151 napokban. <\/strong><\/p>\n<p>Folyamatban van a szeghalmi D\u00f3zsa utcai ker\u00e9kp\u00e1r\u00fat \u00e9p\u00edt\u00e9se, amelyhez kapcsol\u00f3dva az \u00f6nkorm\u00e1nyzat a tervezett ker\u00e9kp\u00e1r\u00fat \u00e1ltal felt\u00e1rt Tildy Zolt\u00e1n \u00c1ltal\u00e1nos Iskol\u00e1val k\u00f6z\u00f6sen ker\u00e9kp\u00e1ros szeml\u00e9letform\u00e1l\u00f3 \u00e9s k\u00f6zleked\u00e9sbiztons\u00e1gi kamp\u00e1nyt ind\u00edtott. Ennek keret\u00e9ben az \u00f3vod\u00e1s \u00e9s iskol\u00e1s koroszt\u00e1ly sz\u00e1m\u00e1ra ker\u00e9kp\u00e1ros t\u00e9m\u00e1j\u00fa rajzversenyt hirdettek, az iskol\u00e1sok bring\u00e1s \u00fcgyess\u00e9gi versenyen m\u00e9rhetik \u00f6ssze tud\u00e1sukat, a tanul\u00f3k ker\u00e9kp\u00e1rjait pedig az iskola rend\u0151re ellen\u0151rzi, akinek minden k\u00f6telez\u0151 felszerel\u00e9se megvan, nyerem\u00e9nysorsol\u00e1son vehet r\u00e9szt. Az iskolai programok az Eur\u00f3pai Mobilit\u00e1si H\u00e9ten, 2018. szeptember 17-21. k\u00f6z\u00f6tt zajlanak.<\/p>\n<p>Az Eur\u00f3pai Aut\u00f3mentes Napon, szeptember 22-\u00e9n szombaton a forgalom el\u0151l lez\u00e1rt Nagy Mikl\u00f3s utc\u00e1ban a bring\u00e1sokat ingyenes ker\u00e9kp\u00e1rszerviz \u00e9s rend\u0151rs\u00e9gi ker\u00e9kp\u00e1r regisztr\u00e1ci\u00f3 v\u00e1rja, a gyerekek pedig szakk\u00e9pzett oktat\u00f3k seg\u00edts\u00e9g\u00e9vel KRESZ-p\u00e1ly\u00e1n ismerkedhetnek a k\u00f6zleked\u00e9si szab\u00e1lyokkal. D\u00e9lut\u00e1n 13 \u00f3rakor ker\u00fcl sor az iskolai versenyek eredm\u00e9nyhirdet\u00e9s\u00e9re \u00e9s a d\u00edjak \u00e1tad\u00e1s\u00e1ra. A rendezv\u00e9nyt az id\u00e9n \u00f6t\u00f6dik alkalommal elstartol\u00f3 P\u00e1k\u00e1sz Futammal egy\u00fctt rendezik, a Futamon futva, gyalog, g\u00f6rkorcsoly\u00e1n \u00e9s ker\u00e9kp\u00e1rral is lehet indulni, a bring\u00e1sok 18, 38 \u00e9s 72 km-es t\u00e1von nevezhetnek.<\/p>\n<p>A kamp\u00e1ny a Sz\u00e9chenyi 2020 program keret\u00e9ben, a TOP-3.1.1-15-BS1-2016-00008 projektsz\u00e1m\u00fa, \u201e<em>A h\u00e1l\u00f3zathoz csatlakoz\u00f3 Szeghalom belter\u00fclet D\u00f3zsa utcai ker\u00e9kp\u00e1r\u00fat \u00e9p\u00edt\u00e9se, valamint a B\u00e9k\u00e9s- B\u00e9k\u00e9scsaba- F\u00fczesgyarmat ker\u00e9kp\u00e1r\u00fat h\u00e1l\u00f3zathoz csatlakoz\u00f3 Sz\u00e9chenyi- Kinizsi \u00fati szakasz ker\u00e9kp\u00e1r\u00fat fel\u00faj\u00edt\u00e1sa<\/em>\u201d elnevez\u00e9s\u0171 projekt r\u00e9szek\u00e9nt val\u00f3sul meg, a projekt 128.627.861 Ft vissza nem t\u00e9r\u00edtend\u0151 eur\u00f3pai uni\u00f3s t\u00e1mogat\u00e1sban r\u00e9szes\u00fclt. A t\u00e1mogat\u00e1s m\u00e9rt\u00e9ke 100 %.<\/p>\n","protected":false},"excerpt":{"rendered":"<p>\u00a0 EUR\u00d3PAI MOBILIT\u00c1SI H\u00c9T \u00c9S AUT\u00d3MENTES NAP SZEGHALMON \u00a0Szeghalom is csatlakozik az Eur\u00f3pai Mobilit\u00e1si H\u00e9t rendezv\u00e9nyeihez, kicsiket \u00e9s nagyokat sz\u00ednes programok v\u00e1rnak az elk\u00f6vetkez\u0151 napokban. Folyamatban van a szeghalmi D\u00f3zsa utcai ker\u00e9kp\u00e1r\u00fat \u00e9p\u00edt\u00e9se, amelyhez kapcsol\u00f3dva az \u00f6nkorm\u00e1nyzat a tervezett ker\u00e9kp\u00e1r\u00fat \u00e1ltal felt\u00e1rt Tildy Zolt\u00e1n \u00c1ltal\u00e1nos Iskol\u00e1val k\u00f6z\u00f6sen ker\u00e9kp\u00e1ros szeml\u00e9letform\u00e1l\u00f3 \u00e9s k\u00f6zleked\u00e9sbiztons\u00e1gi kamp\u00e1nyt ind\u00edtott. Ennek keret\u00e9ben &hellip; <a href=\"https:\/\/szeghalom.hu\/top-3-1-1-15-bs1-2016-00008\/sajtokozlemenyek\/\" class=\"more-link\"><span class=\"screen-reader-text\">&#8222;Sajt\u00f3k\u00f6zlem\u00e9nyek&#8221;<\/span> b\u0151vebben<\/a><\/p>\n","protected":false},"author":1,"featured_media":0,"parent":0,"menu_order":0,"comment_status":"closed","ping_status":"closed","template":"","meta":[],"_links":{"self":[{"href":"https:\/\/szeghalom.hu\/top-3-1-1-15-bs1-2016-00008\/wp-json\/wp\/v2\/pages\/14"}],"collection":[{"href":"https:\/\/szeghalom.hu\/top-3-1-1-15-bs1-2016-00008\/wp-json\/wp\/v2\/pages"}],"about":[{"href":"https:\/\/szeghalom.hu\/top-3-1-1-15-bs1-2016-00008\/wp-json\/wp\/v2\/types\/page"}],"author":[{"embeddable":true,"href":"https:\/\/szeghalom.hu\/top-3-1-1-15-bs1-2016-00008\/wp-json\/wp\/v2\/users\/1"}],"replies":[{"embeddable":true,"href":"https:\/\/szeghalom.hu\/top-3-1-1-15-bs1-2016-00008\/wp-json\/wp\/v2\/comments?post=14"}],"version-history":[{"count":3,"href":"https:\/\/szeghalom.hu\/top-3-1-1-15-bs1-2016-00008\/wp-json\/wp\/v2\/pages\/14\/revisions"}],"predecessor-version":[{"id":18,"href":"https:\/\/szeghalom.hu\/top-3-1-1-15-bs1-2016-00008\/wp-json\/wp\/v2\/pages\/14\/revisions\/18"}],"wp:attachment":[{"href":"https:\/\/szeghalom.hu\/top-3-1-1-15-bs1-2016-00008\/wp-json\/wp\/v2\/media?parent=14"}],"curies":[{"name":"wp","href":"https:\/\/api.w.org\/{rel}","templated":true}]}}